{"id":1736,"date":"2025-04-23T15:33:04","date_gmt":"2025-04-23T15:33:04","guid":{"rendered":"https:\/\/thevoiceofourseniors.ca\/?page_id=1736"},"modified":"2025-09-18T23:30:37","modified_gmt":"2025-09-18T23:30:37","slug":"mental-health-wellness-support","status":"publish","type":"page","link":"https:\/\/thevoiceofourseniors.ca\/fr\/mental-health-wellness-support\/","title":{"rendered":"Soutien en mati\u00e8re de sant\u00e9 mentale et de bien-\u00eatre"},"content":{"rendered":"<div data-elementor-type=\"wp-page\" data-elementor-id=\"1736\" class=\"elementor elementor-1736\">\n\t\t\t\t\t\t<section class=\"elementor-section elementor-top-section elementor-element elementor-element-22ddacc elementor-section-stretched elementor-section-full_width elementor-section-height-default elementor-section-height-default\" data-id=\"22ddacc\" data-element_type=\"section\" data-e-type=\"section\" data-settings=\"{&quot;stretch_section&quot;:&quot;section-stretched&quot;}\">\n\t\t\t\t\t\t\t<div class=\"elementor-background-overlay\"><\/div>\n\t\t\t\t\t\t\t<div class=\"elementor-container elementor-column-gap-no\">\n\t\t\t\t\t<div class=\"elementor-column elementor-col-100 elementor-top-column elementor-element elementor-element-fb865d5\" data-id=\"fb865d5\" data-element_type=\"column\" data-e-type=\"column\">\n\t\t\t<div class=\"elementor-widget-wrap elementor-element-populated\">\n\t\t\t\t\t\t<div class=\"elementor-element elementor-element-de5b760 el-align-left elementor-widget elementor-widget-dl_page_header\" data-id=\"de5b760\" data-element_type=\"widget\" data-e-type=\"widget\" data-widget_type=\"dl_page_header.default\">\n\t\t\t\t<div class=\"elementor-widget-container\">\n\t\t\t\t\t\t\t<div class=\"el-page-header\">\r\n\t\t\t<div class=\"overlay\"><\/div>\t\t\t<div class=\"container\">\r\n\t\t\t\t<div class=\"el-ph-content\">\r\n\t\t\t\t\t<h2 >Soutien en mati\u00e8re de sant\u00e9 mentale et de bien-\u00eatre<\/h2>\t\t\t\t\t\t\t\t\t\t\t\t\t\t\t<ol class=\"breadcrumb-wrap\">\r\n\t\t\t\t\t\t<li><a href=\"https:\/\/thevoiceofourseniors.ca\/fr\/\">\r\n\t\t\t\t\t\t<i class=\"ti-home\"><\/i>Maison\t\t\t\t\t\t<\/a><\/li>\r\n\t\t\t\t\t\t<li class=\"active\">\r\n\t\t\t\t\t\tSoutien en mati\u00e8re de sant\u00e9 mentale et de bien-\u00eatre\t\t\t\t\t\t<\/li>\r\n\t\t\t\t\t<\/ol>\r\n\t\t\t\t\t\t\t\t\t<\/div>\r\n\t\t\t<\/div>\r\n\t\t<\/div>\r\n\t\t\t\t\t\t<\/div>\n\t\t\t\t<\/div>\n\t\t\t\t\t<\/div>\n\t\t<\/div>\n\t\t\t\t\t<\/div>\n\t\t<\/section>\n\t\t<div class=\"elementor-element elementor-element-3a85622 e-flex e-con-boxed e-con e-parent\" data-id=\"3a85622\" data-element_type=\"container\" data-e-type=\"container\">\n\t\t\t\t\t<div class=\"e-con-inner\">\n\t\t\t\t<div class=\"elementor-element elementor-element-16e60cd elementor-widget elementor-widget-heading\" data-id=\"16e60cd\" data-element_type=\"widget\" data-e-type=\"widget\" data-widget_type=\"heading.default\">\n\t\t\t\t<div class=\"elementor-widget-container\">\n\t\t\t\t\t<h2 class=\"elementor-heading-title elementor-size-default\">Autonomiser les a\u00een\u00e9s gr\u00e2ce \u00e0 des programmes respectueux de la culture <br>Soutien en sant\u00e9 mentale ancr\u00e9 dans la communaut\u00e9, la connexion et les soins<\/h2>\t\t\t\t<\/div>\n\t\t\t\t<\/div>\n\t\t\t\t\t<\/div>\n\t\t\t\t<\/div>\n\t\t<div class=\"elementor-element elementor-element-184c0b1 e-flex e-con-boxed e-con e-parent\" data-id=\"184c0b1\" data-element_type=\"container\" data-e-type=\"container\">\n\t\t\t\t\t<div class=\"e-con-inner\">\n\t\t\t\t<div class=\"elementor-element elementor-element-0175e94 elementor-widget elementor-widget-text-editor\" data-id=\"0175e94\" data-element_type=\"widget\" data-e-type=\"widget\" data-widget_type=\"text-editor.default\">\n\t\t\t\t<div class=\"elementor-widget-container\">\n\t\t\t\t\t\t\t\t\t<p class=\"\" data-start=\"397\" data-end=\"719\">La sant\u00e9 mentale est importante \u00e0 tout \u00e2ge et m\u00e9rite les m\u00eames soins, la m\u00eame compr\u00e9hension et la m\u00eame dignit\u00e9 que la sant\u00e9 physique. <span style=\"color: #ff0000;\"><strong><em>La voix de nos a\u00een\u00e9s<\/em><\/strong><\/span>, nous accordons la priorit\u00e9 au bien-\u00eatre \u00e9motionnel avec des programmes con\u00e7us sp\u00e9cifiquement pour les personnes \u00e2g\u00e9es noires et autres personnes \u00e2g\u00e9es racialis\u00e9es, en les rencontrant avec respect culturel, empathie et soutien.<\/p><p>Il s&#039;agit de bien plus qu&#039;un programme de soutien. C&#039;est un mouvement interg\u00e9n\u00e9rationnel qui restaure la communaut\u00e9, combat l&#039;isolement et honore l&#039;histoire de ceux qui nous ont pr\u00e9c\u00e9d\u00e9s.<\/p>\t\t\t\t\t\t\t\t<\/div>\n\t\t\t\t<\/div>\n\t\t\t\t\t<\/div>\n\t\t\t\t<\/div>\n\t\t<div class=\"elementor-element elementor-element-1c2ae1e e-flex e-con-boxed e-con e-parent\" data-id=\"1c2ae1e\" data-element_type=\"container\" data-e-type=\"container\">\n\t\t\t\t\t<div class=\"e-con-inner\">\n\t\t<div class=\"elementor-element elementor-element-63f7d7f e-con-full e-flex e-con e-child\" data-id=\"63f7d7f\" data-element_type=\"container\" data-e-type=\"container\">\n\t\t\t\t<div class=\"elementor-element elementor-element-a7bae0d elementor-widget elementor-widget-heading\" data-id=\"a7bae0d\" data-element_type=\"widget\" data-e-type=\"widget\" data-widget_type=\"heading.default\">\n\t\t\t\t<div class=\"elementor-widget-container\">\n\t\t\t\t\t<h2 class=\"elementor-heading-title elementor-size-default\">Ce que propose le programme<\/h2>\t\t\t\t<\/div>\n\t\t\t\t<\/div>\n\t\t\t\t<div class=\"elementor-element elementor-element-aaffd29 elementor-widget elementor-widget-text-editor\" data-id=\"aaffd29\" data-element_type=\"widget\" data-e-type=\"widget\" data-widget_type=\"text-editor.default\">\n\t\t\t\t<div class=\"elementor-widget-container\">\n\t\t\t\t\t\t\t\t\t<ul><li data-start=\"1208\" data-end=\"1254\">Parlez ouvertement de votre bien-\u00eatre \u00e9motionnel<br \/><br \/><\/li><li data-start=\"1257\" data-end=\"1329\">Connectez-vous avec des professionnels de la sant\u00e9 mentale qui refl\u00e8tent leurs exp\u00e9riences<br \/><br \/><\/li><li data-start=\"1332\" data-end=\"1403\">Rejoignez des cercles de soutien dirig\u00e9s par des pairs en anglais, en fran\u00e7ais et dans d&#039;autres langues<br \/><br \/><\/li><li data-start=\"1406\" data-end=\"1462\">Recevez des contr\u00f4les individuels par un personnel de proximit\u00e9 qualifi\u00e9<br \/><br \/><\/li><li data-start=\"1465\" data-end=\"1528\">Acc\u00e9dez \u00e0 des s\u00e9ances de conseil virtuelles et \u00e0 des ateliers de pleine conscience<br \/><br \/><\/li><li data-start=\"1531\" data-end=\"1604\">Apprenez des techniques de gestion du stress gr\u00e2ce \u00e0 des activit\u00e9s culturellement pertinentes<\/li><\/ul>\t\t\t\t\t\t\t\t<\/div>\n\t\t\t\t<\/div>\n\t\t\t\t<\/div>\n\t\t<div class=\"elementor-element elementor-element-6c9f8c2 e-con-full e-flex e-con e-child\" data-id=\"6c9f8c2\" data-element_type=\"container\" data-e-type=\"container\">\n\t\t\t\t<div class=\"elementor-element elementor-element-2ce19b7 elementor-widget elementor-widget-image\" data-id=\"2ce19b7\" data-element_type=\"widget\" data-e-type=\"widget\" data-widget_type=\"image.default\">\n\t\t\t\t<div class=\"elementor-widget-container\">\n\t\t\t\t\t\t\t\t\t\t\t\t\t\t\t<img fetchpriority=\"high\" decoding=\"async\" width=\"810\" height=\"825\" src=\"https:\/\/thevoiceofourseniors.ca\/wp-content\/uploads\/2025\/04\/eniors-with-transport.png\" class=\"attachment-large size-large wp-image-1746\" alt=\"Seniors\" srcset=\"https:\/\/thevoiceofourseniors.ca\/wp-content\/uploads\/2025\/04\/eniors-with-transport.png 810w, https:\/\/thevoiceofourseniors.ca\/wp-content\/uploads\/2025\/04\/eniors-with-transport-295x300.png 295w, https:\/\/thevoiceofourseniors.ca\/wp-content\/uploads\/2025\/04\/eniors-with-transport-768x782.png 768w\" sizes=\"(max-width: 810px) 100vw, 810px\" \/>\t\t\t\t\t\t\t\t\t\t\t\t\t\t\t<\/div>\n\t\t\t\t<\/div>\n\t\t\t\t<\/div>\n\t\t\t\t\t<\/div>\n\t\t\t\t<\/div>\n\t\t<div class=\"elementor-element elementor-element-9808ae8 e-flex e-con-boxed e-con e-parent\" data-id=\"9808ae8\" data-element_type=\"container\" data-e-type=\"container\" data-settings=\"{&quot;background_background&quot;:&quot;classic&quot;}\">\n\t\t\t\t\t<div class=\"e-con-inner\">\n\t\t<div class=\"elementor-element elementor-element-b1aff54 e-con-full e-flex e-con e-child\" data-id=\"b1aff54\" data-element_type=\"container\" data-e-type=\"container\">\n\t\t\t\t<div class=\"elementor-element elementor-element-fb317d2 elementor-widget elementor-widget-heading\" data-id=\"fb317d2\" data-element_type=\"widget\" data-e-type=\"widget\" data-widget_type=\"heading.default\">\n\t\t\t\t<div class=\"elementor-widget-container\">\n\t\t\t\t\t<h2 class=\"elementor-heading-title elementor-size-default\">\u00c0 qui s&#039;adresse ce programme<\/h2>\t\t\t\t<\/div>\n\t\t\t\t<\/div>\n\t\t\t\t<div class=\"elementor-element elementor-element-e87a09c elementor-widget elementor-widget-text-editor\" data-id=\"e87a09c\" data-element_type=\"widget\" data-e-type=\"widget\" data-widget_type=\"text-editor.default\">\n\t\t\t\t<div class=\"elementor-widget-container\">\n\t\t\t\t\t\t\t\t\t<p class=\"\" data-start=\"798\" data-end=\"987\">Ce programme est ouvert \u00e0 tous les a\u00een\u00e9s, mais <strong data-start=\"841\" data-end=\"919\">sp\u00e9cialement con\u00e7u pour r\u00e9pondre aux besoins des personnes \u00e2g\u00e9es noires et racialis\u00e9es<\/strong> qui ont toujours \u00e9t\u00e9 mal desservis par le syst\u00e8me de sant\u00e9 mentale.<\/p><p class=\"\" data-start=\"989\" data-end=\"998\">C&#039;est pour :<\/p><ul><li style=\"list-style-type: none;\"><ul data-start=\"999\" data-end=\"1359\"><li class=\"\" data-start=\"999\" data-end=\"1062\"><p class=\"\" data-start=\"1001\" data-end=\"1062\">Les personnes \u00e2g\u00e9es qui vivent de l\u2019isolement, du deuil ou de la d\u00e9tresse \u00e9motionnelle.<\/p><\/li><li class=\"\" data-start=\"1063\" data-end=\"1133\"><p class=\"\" data-start=\"1065\" data-end=\"1133\">Les a\u00een\u00e9s confront\u00e9s \u00e0 un traumatisme interg\u00e9n\u00e9rationnel ou \u00e0 un d\u00e9placement culturel.<\/p><\/li><li class=\"\" data-start=\"1134\" data-end=\"1242\"><p class=\"\" data-start=\"1136\" data-end=\"1242\">Les personnes \u00e2g\u00e9es ont besoin d\u2019espaces s\u00fbrs pour parler, partager et gu\u00e9rir, sans crainte de jugement ou de malentendu.<\/p><\/li><li class=\"\" data-start=\"1243\" data-end=\"1359\"><p class=\"\" data-start=\"1245\" data-end=\"1359\">Membres de la communaut\u00e9 \u00e0 la recherche <strong data-start=\"1271\" data-end=\"1298\">accessible et sans stigmatisation<\/strong> un soutien en sant\u00e9 mentale qui refl\u00e8te leurs exp\u00e9riences v\u00e9cues.<\/p><\/li><\/ul><\/li><\/ul>\t\t\t\t\t\t\t\t<\/div>\n\t\t\t\t<\/div>\n\t\t\t\t<\/div>\n\t\t\t\t\t<\/div>\n\t\t\t\t<\/div>\n\t\t<div class=\"elementor-element elementor-element-a5dbc66 e-flex e-con-boxed e-con e-parent\" data-id=\"a5dbc66\" data-element_type=\"container\" data-e-type=\"container\" data-settings=\"{&quot;background_background&quot;:&quot;classic&quot;}\">\n\t\t\t\t\t<div class=\"e-con-inner\">\n\t\t<div class=\"elementor-element elementor-element-6a9b1a1 e-con-full e-flex e-con e-child\" data-id=\"6a9b1a1\" data-element_type=\"container\" data-e-type=\"container\">\n\t\t\t\t<div class=\"elementor-element elementor-element-5e76e84 elementor-widget elementor-widget-heading\" data-id=\"5e76e84\" data-element_type=\"widget\" data-e-type=\"widget\" data-widget_type=\"heading.default\">\n\t\t\t\t<div class=\"elementor-widget-container\">\n\t\t\t\t\t<h2 class=\"elementor-heading-title elementor-size-default\">Comment soutenir ce programme<\/h2>\t\t\t\t<\/div>\n\t\t\t\t<\/div>\n\t\t\t\t<div class=\"elementor-element elementor-element-30d99b5 elementor-widget elementor-widget-image\" data-id=\"30d99b5\" data-element_type=\"widget\" data-e-type=\"widget\" data-widget_type=\"image.default\">\n\t\t\t\t<div class=\"elementor-widget-container\">\n\t\t\t\t\t\t\t\t\t\t\t\t\t\t\t<img decoding=\"async\" width=\"825\" height=\"387\" src=\"https:\/\/thevoiceofourseniors.ca\/wp-content\/uploads\/2025\/04\/Untitled-design-75-1024x480.png\" class=\"attachment-large size-large wp-image-1742\" alt=\"Seniors\" srcset=\"https:\/\/thevoiceofourseniors.ca\/wp-content\/uploads\/2025\/04\/Untitled-design-75-1024x480.png 1024w, https:\/\/thevoiceofourseniors.ca\/wp-content\/uploads\/2025\/04\/Untitled-design-75-300x141.png 300w, https:\/\/thevoiceofourseniors.ca\/wp-content\/uploads\/2025\/04\/Untitled-design-75-768x360.png 768w, https:\/\/thevoiceofourseniors.ca\/wp-content\/uploads\/2025\/04\/Untitled-design-75-1536x720.png 1536w, https:\/\/thevoiceofourseniors.ca\/wp-content\/uploads\/2025\/04\/Untitled-design-75.png 1920w\" sizes=\"(max-width: 825px) 100vw, 825px\" \/>\t\t\t\t\t\t\t\t\t\t\t\t\t\t\t<\/div>\n\t\t\t\t<\/div>\n\t\t\t\t<\/div>\n\t\t<div class=\"elementor-element elementor-element-c179aa1 e-con-full e-flex e-con e-child\" data-id=\"c179aa1\" data-element_type=\"container\" data-e-type=\"container\">\n\t\t\t\t<div class=\"elementor-element elementor-element-bc8a52d elementor-widget elementor-widget-text-editor\" data-id=\"bc8a52d\" data-element_type=\"widget\" data-e-type=\"widget\" data-widget_type=\"text-editor.default\">\n\t\t\t\t<div class=\"elementor-widget-container\">\n\t\t\t\t\t\t\t\t\t<p data-pm-slice=\"1 1 []\"><span style=\"color: #ff0000;\"><strong>Faire un don<\/strong>:<\/span> Chaque dollar nous aide \u00e0 offrir des s\u00e9ances de conseil gratuites, des programmes de groupe et des actions de sensibilisation adapt\u00e9es \u00e0 la culture.<\/p><p data-pm-slice=\"1 1 []\"><span style=\"color: #ff0000;\"><strong>Devenez notre partenaire<\/strong>:<\/span> \u00cates-vous un professionnel de la sant\u00e9 mentale, un th\u00e9rapeute ou une organisation qui pr\u00f4ne des soins culturellement adapt\u00e9s\u00a0? Collaborons.<\/p><p data-pm-slice=\"1 1 []\"><span style=\"color: #ff0000;\"><strong>B\u00e9n\u00e9vole<\/strong>:<\/span> Des contr\u00f4les de bien-\u00eatre aux \u00e9v\u00e9nements communautaires, les b\u00e9n\u00e9voles jouent un r\u00f4le essentiel dans la cr\u00e9ation d\u2019environnements favorables pour nos a\u00een\u00e9s.<\/p><p data-pm-slice=\"1 1 []\"><span style=\"color: #ff0000;\"><strong>Passez le mot<\/strong><\/span>: Partagez notre mission et r\u00e9f\u00e9rez les a\u00een\u00e9s qui pourraient b\u00e9n\u00e9ficier de ce programme.<\/p>\t\t\t\t\t\t\t\t<\/div>\n\t\t\t\t<\/div>\n\t\t\t\t<\/div>\n\t\t\t\t\t<\/div>\n\t\t\t\t<\/div>\n\t\t\t\t<section class=\"elementor-section elementor-top-section elementor-element elementor-element-48d3213 elementor-section-content-middle elementor-section-boxed elementor-section-height-default elementor-section-height-default\" data-id=\"48d3213\" data-element_type=\"section\" data-e-type=\"section\">\n\t\t\t\t\t\t<div class=\"elementor-container elementor-column-gap-default\">\n\t\t\t\t\t<div class=\"elementor-column elementor-col-100 elementor-top-column elementor-element elementor-element-cf8c479\" data-id=\"cf8c479\" data-element_type=\"column\" data-e-type=\"column\">\n\t\t\t<div class=\"elementor-widget-wrap elementor-element-populated\">\n\t\t\t\t\t\t<div class=\"elementor-element elementor-element-2bdf761 elementor-widget elementor-widget-heading\" data-id=\"2bdf761\" data-element_type=\"widget\" data-e-type=\"widget\" data-widget_type=\"heading.default\">\n\t\t\t\t<div class=\"elementor-widget-container\">\n\t\t\t\t\t<h2 class=\"elementor-heading-title elementor-size-default\">Pourquoi c&#039;est important<\/h2>\t\t\t\t<\/div>\n\t\t\t\t<\/div>\n\t\t\t\t<div class=\"elementor-element elementor-element-71668f2 elementor-widget elementor-widget-text-editor\" data-id=\"71668f2\" data-element_type=\"widget\" data-e-type=\"widget\" data-widget_type=\"text-editor.default\">\n\t\t\t\t<div class=\"elementor-widget-container\">\n\t\t\t\t\t\t\t\t\t<p data-pm-slice=\"1 1 []\">Les probl\u00e8mes de sant\u00e9 mentale comme l&#039;anxi\u00e9t\u00e9, l&#039;isolement et la d\u00e9pression sont souvent n\u00e9glig\u00e9s dans les communaut\u00e9s de personnes \u00e2g\u00e9es, en particulier chez les populations noires et racialis\u00e9es. La m\u00e9fiance historique envers le syst\u00e8me m\u00e9dical, les barri\u00e8res linguistiques et la stigmatisation culturelle peuvent dissuader de nombreuses personnes de demander de l&#039;aide. Nous sommes l\u00e0 pour changer cela.<\/p>\t\t\t\t\t\t\t\t<\/div>\n\t\t\t\t<\/div>\n\t\t\t\t<div class=\"elementor-element elementor-element-09083ea wt-align-left elementor-widget elementor-widget-sc_button\" data-id=\"09083ea\" data-element_type=\"widget\" data-e-type=\"widget\" data-settings=\"{&quot;btn_style&quot;:&quot;1&quot;}\" data-widget_type=\"sc_button.default\">\n\t\t\t\t<div class=\"elementor-widget-container\">\n\t\t\t\t\t\t\t<div id=\"wt-at-09083ea\" class=\"wt-button-wrap\">\r\n\t\t\t<a href=\"#\" class=\"dl-btn-2\">Faire un don<span><\/span><\/a>\t\t<\/div>\r\n\r\n\t\t\t\t\t<\/div>\n\t\t\t\t<\/div>\n\t\t\t\t\t<\/div>\n\t\t<\/div>\n\t\t\t\t\t<\/div>\n\t\t<\/section>\n\t\t\t\t<section class=\"elementor-section elementor-top-section elementor-element elementor-element-638febf elementor-section-boxed elementor-section-height-default elementor-section-height-default\" data-id=\"638febf\" data-element_type=\"section\" data-e-type=\"section\">\n\t\t\t\t\t\t<div class=\"elementor-container elementor-column-gap-default\">\n\t\t\t\t\t<div class=\"elementor-column elementor-col-100 elementor-top-column elementor-element elementor-element-f45f044\" data-id=\"f45f044\" data-element_type=\"column\" data-e-type=\"column\">\n\t\t\t<div class=\"elementor-widget-wrap elementor-element-populated\">\n\t\t\t\t\t\t<div class=\"elementor-element elementor-element-d375e88 elementor-widget elementor-widget-heading\" data-id=\"d375e88\" data-element_type=\"widget\" data-e-type=\"widget\" data-widget_type=\"heading.default\">\n\t\t\t\t<div class=\"elementor-widget-container\">\n\t\t\t\t\t<h3 class=\"elementor-heading-title elementor-size-default\">Partenaires<\/h3>\t\t\t\t<\/div>\n\t\t\t\t<\/div>\n\t\t\t\t\t<\/div>\n\t\t<\/div>\n\t\t\t\t\t<\/div>\n\t\t<\/section>\n\t\t<div class=\"elementor-element elementor-element-1c2e64d e-flex e-con-boxed e-con e-parent\" data-id=\"1c2e64d\" data-element_type=\"container\" data-e-type=\"container\">\n\t\t\t\t\t<div class=\"e-con-inner\">\n\t\t<div class=\"elementor-element elementor-element-686c32b e-con-full e-flex e-con e-child\" data-id=\"686c32b\" data-element_type=\"container\" data-e-type=\"container\">\n\t\t\t\t<\/div>\n\t\t<div class=\"elementor-element elementor-element-9b021bd e-con-full e-flex e-con e-child\" data-id=\"9b021bd\" data-element_type=\"container\" data-e-type=\"container\">\n\t\t\t\t<div class=\"elementor-element elementor-element-de9f905 elementor-widget elementor-widget-image\" data-id=\"de9f905\" data-element_type=\"widget\" data-e-type=\"widget\" data-widget_type=\"image.default\">\n\t\t\t\t<div class=\"elementor-widget-container\">\n\t\t\t\t\t\t\t\t\t\t\t\t\t\t\t<img decoding=\"async\" width=\"300\" height=\"157\" src=\"https:\/\/thevoiceofourseniors.ca\/wp-content\/uploads\/2025\/04\/ATEHO-fullcolour-vertical-300x157.png\" class=\"attachment-medium size-medium wp-image-1668\" alt=\"ATEHO\" srcset=\"https:\/\/thevoiceofourseniors.ca\/wp-content\/uploads\/2025\/04\/ATEHO-fullcolour-vertical-300x157.png 300w, https:\/\/thevoiceofourseniors.ca\/wp-content\/uploads\/2025\/04\/ATEHO-fullcolour-vertical-1024x535.png 1024w, https:\/\/thevoiceofourseniors.ca\/wp-content\/uploads\/2025\/04\/ATEHO-fullcolour-vertical-768x401.png 768w, https:\/\/thevoiceofourseniors.ca\/wp-content\/uploads\/2025\/04\/ATEHO-fullcolour-vertical.png 1244w\" sizes=\"(max-width: 300px) 100vw, 300px\" \/>\t\t\t\t\t\t\t\t\t\t\t\t\t\t\t<\/div>\n\t\t\t\t<\/div>\n\t\t\t\t<\/div>\n\t\t<div class=\"elementor-element elementor-element-eae1b35 e-con-full e-flex e-con e-child\" data-id=\"eae1b35\" data-element_type=\"container\" data-e-type=\"container\">\n\t\t\t\t<div class=\"elementor-element elementor-element-d71d15c elementor-widget elementor-widget-image\" data-id=\"d71d15c\" data-element_type=\"widget\" data-e-type=\"widget\" data-widget_type=\"image.default\">\n\t\t\t\t<div class=\"elementor-widget-container\">\n\t\t\t\t\t\t\t\t\t\t\t\t\t\t\t<img loading=\"lazy\" decoding=\"async\" width=\"300\" height=\"129\" src=\"https:\/\/thevoiceofourseniors.ca\/wp-content\/uploads\/2025\/09\/unnamed-e1758237230585-300x129.png\" class=\"attachment-medium size-medium wp-image-2174\" alt=\"RTO\" srcset=\"https:\/\/thevoiceofourseniors.ca\/wp-content\/uploads\/2025\/09\/unnamed-e1758237230585-300x130.png 300w, https:\/\/thevoiceofourseniors.ca\/wp-content\/uploads\/2025\/09\/unnamed-e1758237230585-18x8.png 18w, https:\/\/thevoiceofourseniors.ca\/wp-content\/uploads\/2025\/09\/unnamed-e1758237230585.png 303w\" sizes=\"(max-width: 300px) 100vw, 300px\" \/>\t\t\t\t\t\t\t\t\t\t\t\t\t\t\t<\/div>\n\t\t\t\t<\/div>\n\t\t\t\t<\/div>\n\t\t<div class=\"elementor-element elementor-element-4eaaf8e e-con-full e-flex e-con e-child\" data-id=\"4eaaf8e\" data-element_type=\"container\" data-e-type=\"container\">\n\t\t\t\t<\/div>\n\t\t\t\t\t<\/div>\n\t\t\t\t<\/div>\n\t\t\t\t<\/div>","protected":false},"excerpt":{"rendered":"<p>Mental Health &amp; Wellness Support Home Mental Health &amp; Wellness Support Empowering Seniors Through Culturally-Aware Mental Health Support Rooted in Community, Connection, and Care Mental health matters at every age\u2014and it deserves the same care, understanding, and dignity as physical health. At The Voice of Our Seniors, we prioritize emotional wellbeing with programs designed specifically<\/p>","protected":false},"author":1,"featured_media":0,"parent":0,"menu_order":0,"comment_status":"closed","ping_status":"closed","template":"empty-template.php","meta":{"_acf_changed":false,"give_campaign_id":0,"_monsterinsights_skip_tracking":false,"_monsterinsights_sitenote_active":false,"_monsterinsights_sitenote_note":"","_monsterinsights_sitenote_category":0,"footnotes":""},"class_list":["post-1736","page","type-page","status-publish","hentry"],"acf":[],"aioseo_notices":[],"campaignId":"","_links":{"self":[{"href":"https:\/\/thevoiceofourseniors.ca\/fr\/wp-json\/wp\/v2\/pages\/1736","targetHints":{"allow":["GET"]}}],"collection":[{"href":"https:\/\/thevoiceofourseniors.ca\/fr\/wp-json\/wp\/v2\/pages"}],"about":[{"href":"https:\/\/thevoiceofourseniors.ca\/fr\/wp-json\/wp\/v2\/types\/page"}],"author":[{"embeddable":true,"href":"https:\/\/thevoiceofourseniors.ca\/fr\/wp-json\/wp\/v2\/users\/1"}],"replies":[{"embeddable":true,"href":"https:\/\/thevoiceofourseniors.ca\/fr\/wp-json\/wp\/v2\/comments?post=1736"}],"version-history":[{"count":22,"href":"https:\/\/thevoiceofourseniors.ca\/fr\/wp-json\/wp\/v2\/pages\/1736\/revisions"}],"predecessor-version":[{"id":2198,"href":"https:\/\/thevoiceofourseniors.ca\/fr\/wp-json\/wp\/v2\/pages\/1736\/revisions\/2198"}],"wp:attachment":[{"href":"https:\/\/thevoiceofourseniors.ca\/fr\/wp-json\/wp\/v2\/media?parent=1736"}],"curies":[{"name":"wp","href":"https:\/\/api.w.org\/{rel}","templated":true}]}}